{"id":547,"date":"2018-05-11T21:27:10","date_gmt":"2018-05-11T19:27:10","guid":{"rendered":"https:\/\/www.campanella-musica.com\/?page_id=547"},"modified":"2021-04-11T17:53:02","modified_gmt":"2021-04-11T15:53:02","slug":"home","status":"publish","type":"page","link":"https:\/\/www.campanella-musica.com\/en","title":{"rendered":"WELCOME"},"content":{"rendered":"<p><div class=\"fusion-fullwidth fullwidth-box fusion-builder-row-1 fusion-flex-container nonhundred-percent-fullwidth non-hundred-percent-height-scrolling\" style=\"--awb-border-radius-top-left:0px;--awb-border-radius-top-right:0px;--awb-border-radius-bottom-right:0px;--awb-border-radius-bottom-left:0px;--awb-flex-wrap:wrap;\" ><div class=\"fusion-builder-row fusion-row fusion-flex-align-items-flex-start fusion-flex-content-wrap\" style=\"max-width:1248px;margin-left: calc(-4% \/ 2 );margin-right: calc(-4% \/ 2 );\"><div class=\"fusion-layout-column fusion_builder_column fusion-builder-column-0 fusion_builder_column_1_3 1_3 fusion-flex-column\" style=\"--awb-bg-size:cover;--awb-width-large:33.333333333333%;--awb-margin-top-large:0px;--awb-spacing-right-large:5.76%;--awb-margin-bottom-large:20px;--awb-spacing-left-large:5.76%;--awb-width-medium:33.333333333333%;--awb-order-medium:0;--awb-spacing-right-medium:5.76%;--awb-spacing-left-medium:5.76%;--awb-width-small:100%;--awb-order-small:0;--awb-spacing-right-small:1.92%;--awb-spacing-left-small:1.92%;\"><div class=\"fusion-column-wrapper fusion-column-has-shadow fusion-flex-justify-content-flex-start fusion-content-layout-column\"><div class=\"fusion-image-element \" style=\"--awb-caption-title-font-family:var(--h2_typography-font-family);--awb-caption-title-font-weight:var(--h2_typography-font-weight);--awb-caption-title-font-style:var(--h2_typography-font-style);--awb-caption-title-size:var(--h2_typography-font-size);--awb-caption-title-transform:var(--h2_typography-text-transform);--awb-caption-title-line-height:var(--h2_typography-line-height);--awb-caption-title-letter-spacing:var(--h2_typography-letter-spacing);\"><span class=\" fusion-imageframe imageframe-none imageframe-1 hover-type-none\"><img decoding=\"async\" width=\"300\" height=\"200\" title=\"DuoSchellenbergerSuess_600px\" src=\"https:\/\/www.campanella-musica.com\/wp-content\/uploads\/2018\/04\/DuoSchellenbergerSuess_600px-300x200.jpg\" alt class=\"img-responsive wp-image-586\" srcset=\"https:\/\/www.campanella-musica.com\/wp-content\/uploads\/2018\/04\/DuoSchellenbergerSuess_600px-300x200.jpg 300w, https:\/\/www.campanella-musica.com\/wp-content\/uploads\/2018\/04\/DuoSchellenbergerSuess_600px.jpg 600w\" sizes=\"(max-width: 300px) 100vw, 300px\" \/><\/span><\/div><\/div><\/div><div class=\"fusion-layout-column fusion_builder_column fusion-builder-column-1 fusion_builder_column_2_3 2_3 fusion-flex-column\" style=\"--awb-bg-size:cover;--awb-width-large:66.666666666667%;--awb-margin-top-large:0px;--awb-spacing-right-large:2.88%;--awb-margin-bottom-large:20px;--awb-spacing-left-large:2.88%;--awb-width-medium:66.666666666667%;--awb-order-medium:0;--awb-spacing-right-medium:2.88%;--awb-spacing-left-medium:2.88%;--awb-width-small:100%;--awb-order-small:0;--awb-spacing-right-small:1.92%;--awb-spacing-left-small:1.92%;\"><div class=\"fusion-column-wrapper fusion-column-has-shadow fusion-flex-justify-content-flex-start fusion-content-layout-column\"><div class=\"fusion-text fusion-text-1\"><p>Dear music-lover,<\/p>\n<p>You reached CAMPANELLA MUSICA \u2013 a classic-CD-label which since 1997 specializes on producing selected chamber-music. It is the CD-platform of the oboist and conductor Hansj\u00f6rg Schellenberger and the harpist Margit-Anna S\u00fc\u00df as well as their musical friends and collegues especially from Berlin Philharmonic Orchestra with whom they are connected since more then 30 years.<\/p>\n<p>On this homepage you find a surview of all existing CD-productions. You can get a short acoustical impression of each CD and find all informations about the artists and their recordings.<\/p>\n<p>Margit-Anna S\u00fc\u00df and<br \/>\nHansj\u00f6rg Schellenberger<\/p>\n<\/div><\/div><\/div><\/div><\/div><div class=\"fusion-fullwidth fullwidth-box fusion-builder-row-2 fusion-flex-container nonhundred-percent-fullwidth non-hundred-percent-height-scrolling\" style=\"--awb-border-radius-top-left:0px;--awb-border-radius-top-right:0px;--awb-border-radius-bottom-right:0px;--awb-border-radius-bottom-left:0px;--awb-flex-wrap:wrap;\" ><div class=\"fusion-builder-row fusion-row fusion-flex-align-items-flex-start fusion-flex-content-wrap\" style=\"max-width:1248px;margin-left: calc(-4% \/ 2 );margin-right: calc(-4% \/ 2 );\"><div class=\"fusion-layout-column fusion_builder_column fusion-builder-column-2 fusion_builder_column_1_1 1_1 fusion-flex-column\" style=\"--awb-bg-size:cover;--awb-width-large:100%;--awb-margin-top-large:0px;--awb-spacing-right-large:1.92%;--awb-margin-bottom-large:20px;--awb-spacing-left-large:1.92%;--awb-width-medium:100%;--awb-order-medium:0;--awb-spacing-right-medium:1.92%;--awb-spacing-left-medium:1.92%;--awb-width-small:100%;--awb-order-small:0;--awb-spacing-right-small:1.92%;--awb-spacing-left-small:1.92%;\"><div class=\"fusion-column-wrapper fusion-column-has-shadow fusion-flex-justify-content-flex-start fusion-content-layout-column\"><div class=\"fusion-separator fusion-full-width-sep\" style=\"align-self: center;margin-left: auto;margin-right: auto;margin-bottom:4%;width:100%;\"><div class=\"fusion-separator-border sep-double\" style=\"--awb-height:20px;--awb-amount:20px;border-color:#e2e2e2;border-top-width:1px;border-bottom-width:1px;\"><\/div><\/div><div class=\"fusion-recent-works fusion-portfolio-element fusion-portfolio fusion-portfolio-1 fusion-portfolio-carousel fusion-portfolio-paging-pagination recent-works-carousel portfolio-carousel picture-size-auto fusion-portfolio-rollover\" data-id=\"-rw-1\"><div class=\"awb-carousel awb-swiper awb-swiper-carousel\" style=\"--awb-columns:3;\" data-autoplay=\"no\" data-columns=\"3\" data-itemmargin=\"30\" data-itemwidth=\"180\" data-touchscroll=\"no\" data-imagesize=\"auto\"><div class=\"swiper-wrapper\"><div class=\"swiper-slide\"><div class=\"fusion-carousel-item-wrapper\"><span class=\"entry-title rich-snippet-hidden\">La Harpe \u00e0 Paris<\/span><span class=\"vcard rich-snippet-hidden\"><span class=\"fn\"><a href=\"https:\/\/www.campanella-musica.com\/en\/archive\/author\/campanellamas_1951\" title=\"Posts by Angela\" rel=\"author\">Angela<\/a><\/span><\/span><span class=\"updated rich-snippet-hidden\">2022-10-03T13:29:23+02:00<\/span><div  class=\"fusion-image-wrapper\" aria-haspopup=\"true\">\n\t\t\t\t<img decoding=\"async\" width=\"810\" height=\"540\" src=\"https:\/\/www.campanella-musica.com\/wp-content\/uploads\/2022\/10\/laharpeaparis_2.png\" class=\"attachment-full size-full wp-post-image\" alt=\"Cover La Harpe a Paris\" srcset=\"https:\/\/www.campanella-musica.com\/wp-content\/uploads\/2022\/10\/laharpeaparis_2-200x133.png 200w, https:\/\/www.campanella-musica.com\/wp-content\/uploads\/2022\/10\/laharpeaparis_2-400x267.png 400w, https:\/\/www.campanella-musica.com\/wp-content\/uploads\/2022\/10\/laharpeaparis_2-600x400.png 600w, https:\/\/www.campanella-musica.com\/wp-content\/uploads\/2022\/10\/laharpeaparis_2-800x533.png 800w, https:\/\/www.campanella-musica.com\/wp-content\/uploads\/2022\/10\/laharpeaparis_2.png 810w\" sizes=\"(min-width: 2200px) 100vw, (min-width: 784px) 380px, (min-width: 712px) 570px, (min-width: 640px) 712px, \" \/><div class=\"fusion-rollover\">\n\t<div class=\"fusion-rollover-content\">\n\n\t\t\t\t\t\t\t\t\t\t\t\t\t\t<a class=\"fusion-rollover-link\" href=\"https:\/\/www.campanella-musica.com\/en\/archive\/katalog\/la-harpe-a-paris\">La Harpe \u00e0 Paris<\/a>\n\t\t\t\n\t\t\t\t\t\t\t\t\t\t\t\t\t\t\n\t\t\t\t\t\t\t\t\n\t\t\t\t\t\t\t\t\t\t\t\t\t<div class=\"fusion-rollover-sep\"><\/div>\n\t\t\t\t\n\t\t\t\t\t\t\t\t\t\t\t\t\t\t\t\t\t\t<a class=\"fusion-rollover-gallery\" href=\"https:\/\/www.campanella-musica.com\/wp-content\/uploads\/2022\/10\/laharpeaparis_2.png\" data-options=\"\" data-id=\"1259\" data-rel=\"iLightbox[gallery-rw-1]\" data-title=\"laharpeaparis_2\" data-caption=\"\">\n\t\t\t\t\t\tGallery\t\t\t\t\t<\/a>\n\t\t\t\t\t\t\t\t\t\t\t\t\t\t\n\t\t\n\t\t\t\t\t\t\t\t\t\t\t\t<h4 class=\"fusion-rollover-title\">\n\t\t\t\t\t<a class=\"fusion-rollover-title-link\" href=\"https:\/\/www.campanella-musica.com\/en\/archive\/katalog\/la-harpe-a-paris\">\n\t\t\t\t\t\tLa Harpe \u00e0 Paris\t\t\t\t\t<\/a>\n\t\t\t\t<\/h4>\n\t\t\t\n\t\t\t\t\t\t\t\t\t\t<div class=\"fusion-rollover-categories\"><a href=\"https:\/\/www.campanella-musica.com\/en\/portfolio_category\/harp\" rel=\"tag\">Harp<\/a>, <a href=\"https:\/\/www.campanella-musica.com\/en\/portfolio_category\/orchestra\" rel=\"tag\">Orchestra<\/a><\/div>\t\t\t\t\t\n\t\t\n\t\t\t\t\t\t<a class=\"fusion-link-wrapper\" href=\"https:\/\/www.campanella-musica.com\/en\/archive\/katalog\/la-harpe-a-paris\" aria-label=\"La Harpe \u00e0 Paris\"><\/a>\n\t<\/div>\n<\/div>\n<\/div>\n<\/div><\/div><div class=\"swiper-slide\"><div class=\"fusion-carousel-item-wrapper\"><span class=\"entry-title rich-snippet-hidden\">Ludwig van Beethoven: Early Wind Music<\/span><span class=\"vcard rich-snippet-hidden\"><span class=\"fn\"><a href=\"https:\/\/www.campanella-musica.com\/en\/archive\/author\/campanellamas_1951\" title=\"Posts by Angela\" rel=\"author\">Angela<\/a><\/span><\/span><span class=\"updated rich-snippet-hidden\">2021-05-31T19:04:51+02:00<\/span><div  class=\"fusion-image-wrapper\" aria-haspopup=\"true\">\n\t\t\t\t<img decoding=\"async\" width=\"810\" height=\"540\" src=\"https:\/\/www.campanella-musica.com\/wp-content\/uploads\/2018\/05\/130083-cover.png\" class=\"attachment-full size-full wp-post-image\" alt=\"\" \/><div class=\"fusion-rollover\">\n\t<div class=\"fusion-rollover-content\">\n\n\t\t\t\t\t\t\t\t\t\t\t\t\t\t<a class=\"fusion-rollover-link\" href=\"https:\/\/www.campanella-musica.com\/en\/archive\/katalog\/ludwig-van-beethoven-fruehe-blaesermusik\">Ludwig van Beethoven: Early Wind Music<\/a>\n\t\t\t\n\t\t\t\t\t\t\t\t\t\t\t\t\t\t\n\t\t\t\t\t\t\t\t\n\t\t\t\t\t\t\t\t\t\t\t\t\t<div class=\"fusion-rollover-sep\"><\/div>\n\t\t\t\t\n\t\t\t\t\t\t\t\t\t\t\t\t\t\t\t\t\t\t<a class=\"fusion-rollover-gallery\" href=\"https:\/\/www.campanella-musica.com\/wp-content\/uploads\/2018\/05\/130083-cover.png\" data-options=\"\" data-id=\"1075\" data-rel=\"iLightbox[gallery-rw-1]\" data-title=\"130083-cover\" data-caption=\"\">\n\t\t\t\t\t\tGallery\t\t\t\t\t<\/a>\n\t\t\t\t\t\t\t\t\t\t\t\t\t\t\n\t\t\n\t\t\t\t\t\t\t\t\t\t\t\t<h4 class=\"fusion-rollover-title\">\n\t\t\t\t\t<a class=\"fusion-rollover-title-link\" href=\"https:\/\/www.campanella-musica.com\/en\/archive\/katalog\/ludwig-van-beethoven-fruehe-blaesermusik\">\n\t\t\t\t\t\tLudwig van Beethoven: Early Wind Music\t\t\t\t\t<\/a>\n\t\t\t\t<\/h4>\n\t\t\t\n\t\t\t\t\t\t\t\t\t\t<div class=\"fusion-rollover-categories\"><a href=\"https:\/\/www.campanella-musica.com\/en\/portfolio_category\/chamberensemble\" rel=\"tag\">Chamberensemble<\/a>, <a href=\"https:\/\/www.campanella-musica.com\/en\/portfolio_category\/duo-en\" rel=\"tag\">Duo<\/a>, <a href=\"https:\/\/www.campanella-musica.com\/en\/portfolio_category\/trio-en\" rel=\"tag\">Trio<\/a><\/div>\t\t\t\t\t\n\t\t\n\t\t\t\t\t\t<a class=\"fusion-link-wrapper\" href=\"https:\/\/www.campanella-musica.com\/en\/archive\/katalog\/ludwig-van-beethoven-fruehe-blaesermusik\" aria-label=\"Ludwig van Beethoven: Early Wind Music\"><\/a>\n\t<\/div>\n<\/div>\n<\/div>\n<\/div><\/div><div class=\"swiper-slide\"><div class=\"fusion-carousel-item-wrapper\"><span class=\"entry-title rich-snippet-hidden\">Clara and Robert Schumann: Romantic Duos<\/span><span class=\"vcard rich-snippet-hidden\"><span class=\"fn\"><a href=\"https:\/\/www.campanella-musica.com\/en\/archive\/author\/campanellamas_1951\" title=\"Posts by Angela\" rel=\"author\">Angela<\/a><\/span><\/span><span class=\"updated rich-snippet-hidden\">2021-05-31T19:09:24+02:00<\/span><div  class=\"fusion-image-wrapper\" aria-haspopup=\"true\">\n\t\t\t\t<img decoding=\"async\" width=\"810\" height=\"540\" src=\"https:\/\/www.campanella-musica.com\/wp-content\/uploads\/2018\/05\/130014-cover.png\" class=\"attachment-full size-full wp-post-image\" alt=\"\" \/><div class=\"fusion-rollover\">\n\t<div class=\"fusion-rollover-content\">\n\n\t\t\t\t\t\t\t\t\t\t\t\t\t\t<a class=\"fusion-rollover-link\" href=\"https:\/\/www.campanella-musica.com\/en\/archive\/katalog\/clara-und-robert-schumann-romanzen\">Clara and Robert Schumann: Romantic Duos<\/a>\n\t\t\t\n\t\t\t\t\t\t\t\t\t\t\t\t\t\t\n\t\t\t\t\t\t\t\t\n\t\t\t\t\t\t\t\t\t\t\t\t\t<div class=\"fusion-rollover-sep\"><\/div>\n\t\t\t\t\n\t\t\t\t\t\t\t\t\t\t\t\t\t\t\t\t\t\t<a class=\"fusion-rollover-gallery\" href=\"https:\/\/www.campanella-musica.com\/wp-content\/uploads\/2018\/05\/130014-cover.png\" data-options=\"\" data-id=\"1072\" data-rel=\"iLightbox[gallery-rw-1]\" data-title=\"130014-cover\" data-caption=\"\">\n\t\t\t\t\t\tGallery\t\t\t\t\t<\/a>\n\t\t\t\t\t\t\t\t\t\t\t\t\t\t\n\t\t\n\t\t\t\t\t\t\t\t\t\t\t\t<h4 class=\"fusion-rollover-title\">\n\t\t\t\t\t<a class=\"fusion-rollover-title-link\" href=\"https:\/\/www.campanella-musica.com\/en\/archive\/katalog\/clara-und-robert-schumann-romanzen\">\n\t\t\t\t\t\tClara and Robert Schumann: Romantic Duos\t\t\t\t\t<\/a>\n\t\t\t\t<\/h4>\n\t\t\t\n\t\t\t\t\t\t\t\t\t\t<div class=\"fusion-rollover-categories\"><a href=\"https:\/\/www.campanella-musica.com\/en\/portfolio_category\/duo-en\" rel=\"tag\">Duo<\/a>, <a href=\"https:\/\/www.campanella-musica.com\/en\/portfolio_category\/oboe-en\" rel=\"tag\">Oboe<\/a>, <a href=\"https:\/\/www.campanella-musica.com\/en\/portfolio_category\/solo-en\" rel=\"tag\">Solo<\/a><\/div>\t\t\t\t\t\n\t\t\n\t\t\t\t\t\t<a class=\"fusion-link-wrapper\" href=\"https:\/\/www.campanella-musica.com\/en\/archive\/katalog\/clara-und-robert-schumann-romanzen\" aria-label=\"Clara and Robert Schumann: Romantic Duos\"><\/a>\n\t<\/div>\n<\/div>\n<\/div>\n<\/div><\/div><div class=\"swiper-slide\"><div class=\"fusion-carousel-item-wrapper\"><span class=\"entry-title rich-snippet-hidden\">Joseph Haydn: Divertimenti for Wind<\/span><span class=\"vcard rich-snippet-hidden\"><span class=\"fn\"><a href=\"https:\/\/www.campanella-musica.com\/en\/archive\/author\/campanellamas_1951\" title=\"Posts by Angela\" rel=\"author\">Angela<\/a><\/span><\/span><span class=\"updated rich-snippet-hidden\">2021-05-31T19:08:11+02:00<\/span><div  class=\"fusion-image-wrapper\" aria-haspopup=\"true\">\n\t\t\t\t<img decoding=\"async\" width=\"810\" height=\"540\" src=\"https:\/\/www.campanella-musica.com\/wp-content\/uploads\/2018\/05\/130069-cover.png\" class=\"attachment-full size-full wp-post-image\" alt=\"\" \/><div class=\"fusion-rollover\">\n\t<div class=\"fusion-rollover-content\">\n\n\t\t\t\t\t\t\t\t\t\t\t\t\t\t<a class=\"fusion-rollover-link\" href=\"https:\/\/www.campanella-musica.com\/en\/archive\/katalog\/joseph-haydn-divertimenti-fuer-blaeser\">Joseph Haydn: Divertimenti for Wind<\/a>\n\t\t\t\n\t\t\t\t\t\t\t\t\t\t\t\t\t\t\n\t\t\t\t\t\t\t\t\n\t\t\t\t\t\t\t\t\t\t\t\t\t<div class=\"fusion-rollover-sep\"><\/div>\n\t\t\t\t\n\t\t\t\t\t\t\t\t\t\t\t\t\t\t\t\t\t\t<a class=\"fusion-rollover-gallery\" href=\"https:\/\/www.campanella-musica.com\/wp-content\/uploads\/2018\/05\/130069-cover.png\" data-options=\"\" data-id=\"1069\" data-rel=\"iLightbox[gallery-rw-1]\" data-title=\"130069-cover\" data-caption=\"\">\n\t\t\t\t\t\tGallery\t\t\t\t\t<\/a>\n\t\t\t\t\t\t\t\t\t\t\t\t\t\t\n\t\t\n\t\t\t\t\t\t\t\t\t\t\t\t<h4 class=\"fusion-rollover-title\">\n\t\t\t\t\t<a class=\"fusion-rollover-title-link\" href=\"https:\/\/www.campanella-musica.com\/en\/archive\/katalog\/joseph-haydn-divertimenti-fuer-blaeser\">\n\t\t\t\t\t\tJoseph Haydn: Divertimenti for Wind\t\t\t\t\t<\/a>\n\t\t\t\t<\/h4>\n\t\t\t\n\t\t\t\t\t\t\t\t\t\t<div class=\"fusion-rollover-categories\"><a href=\"https:\/\/www.campanella-musica.com\/en\/portfolio_category\/chamberensemble\" rel=\"tag\">Chamberensemble<\/a><\/div>\t\t\t\t\t\n\t\t\n\t\t\t\t\t\t<a class=\"fusion-link-wrapper\" href=\"https:\/\/www.campanella-musica.com\/en\/archive\/katalog\/joseph-haydn-divertimenti-fuer-blaeser\" aria-label=\"Joseph Haydn: Divertimenti for Wind\"><\/a>\n\t<\/div>\n<\/div>\n<\/div>\n<\/div><\/div><div class=\"swiper-slide\"><div class=\"fusion-carousel-item-wrapper\"><span class=\"entry-title rich-snippet-hidden\">Joseph Haydn \u2022 Wolfgang Amadeus Mozart<\/span><span class=\"vcard rich-snippet-hidden\"><span class=\"fn\"><a href=\"https:\/\/www.campanella-musica.com\/en\/archive\/author\/campanellamas_1951\" title=\"Posts by Angela\" rel=\"author\">Angela<\/a><\/span><\/span><span class=\"updated rich-snippet-hidden\">2021-05-31T19:11:57+02:00<\/span><div  class=\"fusion-image-wrapper\" aria-haspopup=\"true\">\n\t\t\t\t<img decoding=\"async\" width=\"930\" height=\"620\" src=\"https:\/\/www.campanella-musica.com\/wp-content\/uploads\/2018\/04\/cover130199.png\" class=\"attachment-full size-full wp-post-image\" alt=\"C 130199\" \/><div class=\"fusion-rollover\">\n\t<div class=\"fusion-rollover-content\">\n\n\t\t\t\t\t\t\t\t\t\t\t\t\t\t<a class=\"fusion-rollover-link\" href=\"https:\/\/www.campanella-musica.com\/en\/archive\/katalog\/joseph-haydn-wolfgang-amadeus-mozart\">Joseph Haydn \u2022 Wolfgang Amadeus Mozart<\/a>\n\t\t\t\n\t\t\t\t\t\t\t\t\t\t\t\t\t\t\n\t\t\t\t\t\t\t\t\n\t\t\t\t\t\t\t\t\t\t\t\t\t<div class=\"fusion-rollover-sep\"><\/div>\n\t\t\t\t\n\t\t\t\t\t\t\t\t\t\t\t\t\t\t\t\t\t\t<a class=\"fusion-rollover-gallery\" href=\"https:\/\/www.campanella-musica.com\/wp-content\/uploads\/2018\/04\/cover130199.png\" data-options=\"\" data-id=\"1065\" data-rel=\"iLightbox[gallery-rw-1]\" data-title=\"cover130199\" data-caption=\"C 130199\">\n\t\t\t\t\t\tGallery\t\t\t\t\t<\/a>\n\t\t\t\t\t\t\t\t\t\t\t\t\t\t\n\t\t\n\t\t\t\t\t\t\t\t\t\t\t\t<h4 class=\"fusion-rollover-title\">\n\t\t\t\t\t<a class=\"fusion-rollover-title-link\" href=\"https:\/\/www.campanella-musica.com\/en\/archive\/katalog\/joseph-haydn-wolfgang-amadeus-mozart\">\n\t\t\t\t\t\tJoseph Haydn \u2022 Wolfgang Amadeus Mozart\t\t\t\t\t<\/a>\n\t\t\t\t<\/h4>\n\t\t\t\n\t\t\t\t\t\t\t\t\t\t<div class=\"fusion-rollover-categories\"><a href=\"https:\/\/www.campanella-musica.com\/en\/portfolio_category\/chamberensemble\" rel=\"tag\">Chamberensemble<\/a>, <a href=\"https:\/\/www.campanella-musica.com\/en\/portfolio_category\/oboe-en\" rel=\"tag\">Oboe<\/a><\/div>\t\t\t\t\t\n\t\t\n\t\t\t\t\t\t<a class=\"fusion-link-wrapper\" href=\"https:\/\/www.campanella-musica.com\/en\/archive\/katalog\/joseph-haydn-wolfgang-amadeus-mozart\" aria-label=\"Joseph Haydn \u2022 Wolfgang Amadeus Mozart\"><\/a>\n\t<\/div>\n<\/div>\n<\/div>\n<\/div><\/div><div class=\"swiper-slide\"><div class=\"fusion-carousel-item-wrapper\"><span class=\"entry-title rich-snippet-hidden\">Joseph Haydn: The Bartolozzi Trios<\/span><span class=\"vcard rich-snippet-hidden\"><span class=\"fn\"><a href=\"https:\/\/www.campanella-musica.com\/en\/archive\/author\/campanellamas_1951\" title=\"Posts by Angela\" rel=\"author\">Angela<\/a><\/span><\/span><span class=\"updated rich-snippet-hidden\">2021-05-31T19:12:56+02:00<\/span><div  class=\"fusion-image-wrapper\" aria-haspopup=\"true\">\n\t\t\t\t<img decoding=\"async\" width=\"810\" height=\"540\" src=\"https:\/\/www.campanella-musica.com\/wp-content\/uploads\/2018\/05\/130106-cover.png\" class=\"attachment-full size-full wp-post-image\" alt=\"\" \/><div class=\"fusion-rollover\">\n\t<div class=\"fusion-rollover-content\">\n\n\t\t\t\t\t\t\t\t\t\t\t\t\t\t<a class=\"fusion-rollover-link\" href=\"https:\/\/www.campanella-musica.com\/en\/archive\/katalog\/joseph-haydn-die-bartolozzi-trios\">Joseph Haydn: The Bartolozzi Trios<\/a>\n\t\t\t\n\t\t\t\t\t\t\t\t\t\t\t\t\t\t\n\t\t\t\t\t\t\t\t\n\t\t\t\t\t\t\t\t\t\t\t\t\t<div class=\"fusion-rollover-sep\"><\/div>\n\t\t\t\t\n\t\t\t\t\t\t\t\t\t\t\t\t\t\t\t\t\t\t<a class=\"fusion-rollover-gallery\" href=\"https:\/\/www.campanella-musica.com\/wp-content\/uploads\/2018\/05\/130106-cover.png\" data-options=\"\" data-id=\"1061\" data-rel=\"iLightbox[gallery-rw-1]\" data-title=\"130106-cover\" data-caption=\"\">\n\t\t\t\t\t\tGallery\t\t\t\t\t<\/a>\n\t\t\t\t\t\t\t\t\t\t\t\t\t\t\n\t\t\n\t\t\t\t\t\t\t\t\t\t\t\t<h4 class=\"fusion-rollover-title\">\n\t\t\t\t\t<a class=\"fusion-rollover-title-link\" href=\"https:\/\/www.campanella-musica.com\/en\/archive\/katalog\/joseph-haydn-die-bartolozzi-trios\">\n\t\t\t\t\t\tJoseph Haydn: The Bartolozzi Trios\t\t\t\t\t<\/a>\n\t\t\t\t<\/h4>\n\t\t\t\n\t\t\t\t\t\t\t\t\t\t<div class=\"fusion-rollover-categories\"><a href=\"https:\/\/www.campanella-musica.com\/en\/portfolio_category\/trio-en\" rel=\"tag\">Trio<\/a><\/div>\t\t\t\t\t\n\t\t\n\t\t\t\t\t\t<a class=\"fusion-link-wrapper\" href=\"https:\/\/www.campanella-musica.com\/en\/archive\/katalog\/joseph-haydn-die-bartolozzi-trios\" aria-label=\"Joseph Haydn: The Bartolozzi Trios\"><\/a>\n\t<\/div>\n<\/div>\n<\/div>\n<\/div><\/div><div class=\"swiper-slide\"><div class=\"fusion-carousel-item-wrapper\"><span class=\"entry-title rich-snippet-hidden\">Concertante: Frank Martin \u2022 Witold Lutoslawski \u2022 Jacques Ibert<\/span><span class=\"vcard rich-snippet-hidden\"><span class=\"fn\"><a href=\"https:\/\/www.campanella-musica.com\/en\/archive\/author\/campanellamas_1951\" title=\"Posts by Angela\" rel=\"author\">Angela<\/a><\/span><\/span><span class=\"updated rich-snippet-hidden\">2021-05-31T19:14:20+02:00<\/span><div  class=\"fusion-image-wrapper\" aria-haspopup=\"true\">\n\t\t\t\t<img decoding=\"async\" width=\"810\" height=\"540\" src=\"https:\/\/www.campanella-musica.com\/wp-content\/uploads\/2018\/05\/130045-cover.png\" class=\"attachment-full size-full wp-post-image\" alt=\"\" \/><div class=\"fusion-rollover\">\n\t<div class=\"fusion-rollover-content\">\n\n\t\t\t\t\t\t\t\t\t\t\t\t\t\t<a class=\"fusion-rollover-link\" href=\"https:\/\/www.campanella-musica.com\/en\/archive\/katalog\/concertante-frank-martin-witold-lutoslawski-jacques-ibert\">Concertante: Frank Martin \u2022 Witold Lutoslawski \u2022 Jacques Ibert<\/a>\n\t\t\t\n\t\t\t\t\t\t\t\t\t\t\t\t\t\t\n\t\t\t\t\t\t\t\t\n\t\t\t\t\t\t\t\t\t\t\t\t\t<div class=\"fusion-rollover-sep\"><\/div>\n\t\t\t\t\n\t\t\t\t\t\t\t\t\t\t\t\t\t\t\t\t\t\t<a class=\"fusion-rollover-gallery\" href=\"https:\/\/www.campanella-musica.com\/wp-content\/uploads\/2018\/05\/130045-cover.png\" data-options=\"\" data-id=\"1058\" data-rel=\"iLightbox[gallery-rw-1]\" data-title=\"130045-cover\" data-caption=\"\">\n\t\t\t\t\t\tGallery\t\t\t\t\t<\/a>\n\t\t\t\t\t\t\t\t\t\t\t\t\t\t\n\t\t\n\t\t\t\t\t\t\t\t\t\t\t\t<h4 class=\"fusion-rollover-title\">\n\t\t\t\t\t<a class=\"fusion-rollover-title-link\" href=\"https:\/\/www.campanella-musica.com\/en\/archive\/katalog\/concertante-frank-martin-witold-lutoslawski-jacques-ibert\">\n\t\t\t\t\t\tConcertante: Frank Martin \u2022 Witold Lutoslawski \u2022 Jacques Ibert\t\t\t\t\t<\/a>\n\t\t\t\t<\/h4>\n\t\t\t\n\t\t\t\t\t\t\t\t\t\t<div class=\"fusion-rollover-categories\"><a href=\"https:\/\/www.campanella-musica.com\/en\/portfolio_category\/harp\" rel=\"tag\">Harp<\/a>, <a href=\"https:\/\/www.campanella-musica.com\/en\/portfolio_category\/oboe-en\" rel=\"tag\">Oboe<\/a>, <a href=\"https:\/\/www.campanella-musica.com\/en\/portfolio_category\/orchestra\" rel=\"tag\">Orchestra<\/a><\/div>\t\t\t\t\t\n\t\t\n\t\t\t\t\t\t<a class=\"fusion-link-wrapper\" href=\"https:\/\/www.campanella-musica.com\/en\/archive\/katalog\/concertante-frank-martin-witold-lutoslawski-jacques-ibert\" aria-label=\"Concertante: Frank Martin \u2022 Witold Lutoslawski \u2022 Jacques Ibert\"><\/a>\n\t<\/div>\n<\/div>\n<\/div>\n<\/div><\/div><div class=\"swiper-slide\"><div class=\"fusion-carousel-item-wrapper\"><span class=\"entry-title rich-snippet-hidden\">Musik am Hof von Versailles<\/span><span class=\"vcard rich-snippet-hidden\"><span class=\"fn\"><a href=\"https:\/\/www.campanella-musica.com\/en\/archive\/author\/campanellamas_1951\" title=\"Posts by Angela\" rel=\"author\">Angela<\/a><\/span><\/span><span class=\"updated rich-snippet-hidden\">2022-04-18T16:53:22+02:00<\/span><div  class=\"fusion-image-wrapper\" aria-haspopup=\"true\">\n\t\t\t\t<img decoding=\"async\" width=\"810\" height=\"540\" src=\"https:\/\/www.campanella-musica.com\/wp-content\/uploads\/2018\/05\/130090-cover.png\" class=\"attachment-full size-full wp-post-image\" alt=\"\" \/><div class=\"fusion-rollover\">\n\t<div class=\"fusion-rollover-content\">\n\n\t\t\t\t\t\t\t\t\t\t\t\t\t\t<a class=\"fusion-rollover-link\" href=\"https:\/\/www.campanella-musica.com\/en\/archive\/katalog\/musik-am-hof-von-versailles\">Musik am Hof von Versailles<\/a>\n\t\t\t\n\t\t\t\t\t\t\t\t\t\t\t\t\t\t\n\t\t\t\t\t\t\t\t\n\t\t\t\t\t\t\t\t\t\t\t\t\t<div class=\"fusion-rollover-sep\"><\/div>\n\t\t\t\t\n\t\t\t\t\t\t\t\t\t\t\t\t\t\t\t\t\t\t<a class=\"fusion-rollover-gallery\" href=\"https:\/\/www.campanella-musica.com\/wp-content\/uploads\/2018\/05\/130090-cover.png\" data-options=\"\" data-id=\"1055\" data-rel=\"iLightbox[gallery-rw-1]\" data-title=\"130090-cover\" data-caption=\"\">\n\t\t\t\t\t\tGallery\t\t\t\t\t<\/a>\n\t\t\t\t\t\t\t\t\t\t\t\t\t\t\n\t\t\n\t\t\t\t\t\t\t\t\t\t\t\t<h4 class=\"fusion-rollover-title\">\n\t\t\t\t\t<a class=\"fusion-rollover-title-link\" href=\"https:\/\/www.campanella-musica.com\/en\/archive\/katalog\/musik-am-hof-von-versailles\">\n\t\t\t\t\t\tMusik am Hof von Versailles\t\t\t\t\t<\/a>\n\t\t\t\t<\/h4>\n\t\t\t\n\t\t\t\t\t\t\t\t\t\t\t\t\t\t\t\n\t\t\n\t\t\t\t\t\t<a class=\"fusion-link-wrapper\" href=\"https:\/\/www.campanella-musica.com\/en\/archive\/katalog\/musik-am-hof-von-versailles\" aria-label=\"Musik am Hof von Versailles\"><\/a>\n\t<\/div>\n<\/div>\n<\/div>\n<\/div><\/div><div class=\"swiper-slide\"><div class=\"fusion-carousel-item-wrapper\"><span class=\"entry-title rich-snippet-hidden\">Franz und Richard Strauss: Music for French Horn and Piano<\/span><span class=\"vcard rich-snippet-hidden\"><span class=\"fn\"><a href=\"https:\/\/www.campanella-musica.com\/en\/archive\/author\/campanellamas_1951\" title=\"Posts by Angela\" rel=\"author\">Angela<\/a><\/span><\/span><span class=\"updated rich-snippet-hidden\">2021-05-31T19:16:22+02:00<\/span><div  class=\"fusion-image-wrapper\" aria-haspopup=\"true\">\n\t\t\t\t<img decoding=\"async\" width=\"810\" height=\"540\" src=\"https:\/\/www.campanella-musica.com\/wp-content\/uploads\/2018\/05\/130120-cover-1.png\" class=\"attachment-full size-full wp-post-image\" alt=\"\" \/><div class=\"fusion-rollover\">\n\t<div class=\"fusion-rollover-content\">\n\n\t\t\t\t\t\t\t\t\t\t\t\t\t\t<a class=\"fusion-rollover-link\" href=\"https:\/\/www.campanella-musica.com\/en\/archive\/katalog\/franz-und-richard-strauss-musik-fuer-horn-und-klavier\">Franz und Richard Strauss: Music for French Horn and Piano<\/a>\n\t\t\t\n\t\t\t\t\t\t\t\t\t\t\t\t\t\t\n\t\t\t\t\t\t\t\t\n\t\t\t\t\t\t\t\t\t\t\t\t\t<div class=\"fusion-rollover-sep\"><\/div>\n\t\t\t\t\n\t\t\t\t\t\t\t\t\t\t\t\t\t\t\t\t\t\t<a class=\"fusion-rollover-gallery\" href=\"https:\/\/www.campanella-musica.com\/wp-content\/uploads\/2018\/05\/130120-cover-1.png\" data-options=\"\" data-id=\"1051\" data-rel=\"iLightbox[gallery-rw-1]\" data-title=\"130120-cover\" data-caption=\"\">\n\t\t\t\t\t\tGallery\t\t\t\t\t<\/a>\n\t\t\t\t\t\t\t\t\t\t\t\t\t\t\n\t\t\n\t\t\t\t\t\t\t\t\t\t\t\t<h4 class=\"fusion-rollover-title\">\n\t\t\t\t\t<a class=\"fusion-rollover-title-link\" href=\"https:\/\/www.campanella-musica.com\/en\/archive\/katalog\/franz-und-richard-strauss-musik-fuer-horn-und-klavier\">\n\t\t\t\t\t\tFranz und Richard Strauss: Music for French Horn and Piano\t\t\t\t\t<\/a>\n\t\t\t\t<\/h4>\n\t\t\t\n\t\t\t\t\t\t\t\t\t\t<div class=\"fusion-rollover-categories\"><a href=\"https:\/\/www.campanella-musica.com\/en\/portfolio_category\/duo-en\" rel=\"tag\">Duo<\/a><\/div>\t\t\t\t\t\n\t\t\n\t\t\t\t\t\t<a class=\"fusion-link-wrapper\" href=\"https:\/\/www.campanella-musica.com\/en\/archive\/katalog\/franz-und-richard-strauss-musik-fuer-horn-und-klavier\" aria-label=\"Franz und Richard Strauss: Music for French Horn and Piano\"><\/a>\n\t<\/div>\n<\/div>\n<\/div>\n<\/div><\/div><div class=\"swiper-slide\"><div class=\"fusion-carousel-item-wrapper\"><span class=\"entry-title rich-snippet-hidden\">Arnold Sch\u00f6nberg Trio: Mozart and Sch\u00f6nberg<\/span><span class=\"vcard rich-snippet-hidden\"><span class=\"fn\"><a href=\"https:\/\/www.campanella-musica.com\/en\/archive\/author\/campanellamas_1951\" title=\"Posts by Angela\" rel=\"author\">Angela<\/a><\/span><\/span><span class=\"updated rich-snippet-hidden\">2021-05-31T19:17:32+02:00<\/span><div  class=\"fusion-image-wrapper\" aria-haspopup=\"true\">\n\t\t\t\t<img decoding=\"async\" width=\"810\" height=\"540\" src=\"https:\/\/www.campanella-musica.com\/wp-content\/uploads\/2018\/05\/130113-cover.png\" class=\"attachment-full size-full wp-post-image\" alt=\"\" \/><div class=\"fusion-rollover\">\n\t<div class=\"fusion-rollover-content\">\n\n\t\t\t\t\t\t\t\t\t\t\t\t\t\t<a class=\"fusion-rollover-link\" href=\"https:\/\/www.campanella-musica.com\/en\/archive\/katalog\/arnold-schoenberg-trio-mit-mozart-und-schoenberg\">Arnold Sch\u00f6nberg Trio: Mozart and Sch\u00f6nberg<\/a>\n\t\t\t\n\t\t\t\t\t\t\t\t\t\t\t\t\t\t\n\t\t\t\t\t\t\t\t\n\t\t\t\t\t\t\t\t\t\t\t\t\t<div class=\"fusion-rollover-sep\"><\/div>\n\t\t\t\t\n\t\t\t\t\t\t\t\t\t\t\t\t\t\t\t\t\t\t<a class=\"fusion-rollover-gallery\" href=\"https:\/\/www.campanella-musica.com\/wp-content\/uploads\/2018\/05\/130113-cover.png\" data-options=\"\" data-id=\"1048\" data-rel=\"iLightbox[gallery-rw-1]\" data-title=\"130113-cover\" data-caption=\"\">\n\t\t\t\t\t\tGallery\t\t\t\t\t<\/a>\n\t\t\t\t\t\t\t\t\t\t\t\t\t\t\n\t\t\n\t\t\t\t\t\t\t\t\t\t\t\t<h4 class=\"fusion-rollover-title\">\n\t\t\t\t\t<a class=\"fusion-rollover-title-link\" href=\"https:\/\/www.campanella-musica.com\/en\/archive\/katalog\/arnold-schoenberg-trio-mit-mozart-und-schoenberg\">\n\t\t\t\t\t\tArnold Sch\u00f6nberg Trio: Mozart and Sch\u00f6nberg\t\t\t\t\t<\/a>\n\t\t\t\t<\/h4>\n\t\t\t\n\t\t\t\t\t\t\t\t\t\t<div class=\"fusion-rollover-categories\"><a href=\"https:\/\/www.campanella-musica.com\/en\/portfolio_category\/trio-en\" rel=\"tag\">Trio<\/a><\/div>\t\t\t\t\t\n\t\t\n\t\t\t\t\t\t<a class=\"fusion-link-wrapper\" href=\"https:\/\/www.campanella-musica.com\/en\/archive\/katalog\/arnold-schoenberg-trio-mit-mozart-und-schoenberg\" aria-label=\"Arnold Sch\u00f6nberg Trio: Mozart and Sch\u00f6nberg\"><\/a>\n\t<\/div>\n<\/div>\n<\/div>\n<\/div><\/div><\/div><div class=\"awb-swiper-button awb-swiper-button-prev\"><i class=\"awb-icon-angle-left\" aria-hidden=\"true\"><\/i><\/div><div class=\"awb-swiper-button awb-swiper-button-next\"><i class=\"awb-icon-angle-right\" aria-hidden=\"true\"><\/i><\/div><\/div><\/div><\/div><\/div><\/div><\/div><\/p>\n","protected":false},"excerpt":{"rendered":"","protected":false},"author":4,"featured_media":0,"parent":0,"menu_order":0,"comment_status":"open","ping_status":"open","template":"","meta":{"footnotes":""},"class_list":["post-547","page","type-page","status-publish","hentry"],"_links":{"self":[{"href":"https:\/\/www.campanella-musica.com\/en\/wp-json\/wp\/v2\/pages\/547","targetHints":{"allow":["GET"]}}],"collection":[{"href":"https:\/\/www.campanella-musica.com\/en\/wp-json\/wp\/v2\/pages"}],"about":[{"href":"https:\/\/www.campanella-musica.com\/en\/wp-json\/wp\/v2\/types\/page"}],"author":[{"embeddable":true,"href":"https:\/\/www.campanella-musica.com\/en\/wp-json\/wp\/v2\/users\/4"}],"replies":[{"embeddable":true,"href":"https:\/\/www.campanella-musica.com\/en\/wp-json\/wp\/v2\/comments?post=547"}],"version-history":[{"count":0,"href":"https:\/\/www.campanella-musica.com\/en\/wp-json\/wp\/v2\/pages\/547\/revisions"}],"wp:attachment":[{"href":"https:\/\/www.campanella-musica.com\/en\/wp-json\/wp\/v2\/media?parent=547"}],"curies":[{"name":"wp","href":"https:\/\/api.w.org\/{rel}","templated":true}]}}